{"id":1964,"date":"2025-03-26T10:23:33","date_gmt":"2025-03-26T09:23:33","guid":{"rendered":"https:\/\/aurelien-calonne.fr\/?page_id=1964"},"modified":"2025-03-27T16:11:49","modified_gmt":"2025-03-27T15:11:49","slug":"actualites","status":"publish","type":"page","link":"https:\/\/aurelien-calonne.fr\/actualites\/","title":{"rendered":"Actualit\u00e9s"},"content":{"rendered":"\t\t<div data-elementor-type=\"wp-page\" data-elementor-id=\"1964\" class=\"elementor elementor-1964\" data-elementor-post-type=\"page\">\n\t\t\t\t\t\t<section class=\"elementor-section elementor-top-section elementor-element elementor-element-6f083ee elementor-section-full_width elementor-section-height-min-height elementor-section-content-middle elementor-section-stretched elementor-section-height-default elementor-section-items-middle\" data-id=\"6f083ee\" data-element_type=\"section\" data-e-type=\"section\" data-settings=\"{&quot;stretch_section&quot;:&quot;section-stretched&quot;,&quot;background_background&quot;:&quot;classic&quot;,&quot;shape_divider_bottom&quot;:&quot;waves&quot;}\">\n\t\t\t\t\t\t\t<div class=\"elementor-background-overlay\"><\/div>\n\t\t\t\t\t\t<div class=\"elementor-shape elementor-shape-bottom\" aria-hidden=\"true\" data-negative=\"false\">\n\t\t\t<svg xmlns=\"http:\/\/www.w3.org\/2000\/svg\" viewBox=\"0 0 1000 100\" preserveAspectRatio=\"none\">\n\t<path class=\"elementor-shape-fill\" d=\"M421.9,6.5c22.6-2.5,51.5,0.4,75.5,5.3c23.6,4.9,70.9,23.5,100.5,35.7c75.8,32.2,133.7,44.5,192.6,49.7\n\tc23.6,2.1,48.7,3.5,103.4-2.5c54.7-6,106.2-25.6,106.2-25.6V0H0v30.3c0,0,72,32.6,158.4,30.5c39.2-0.7,92.8-6.7,134-22.4\n\tc21.2-8.1,52.2-18.2,79.7-24.2C399.3,7.9,411.6,7.5,421.9,6.5z\"\/>\n<\/svg>\t\t<\/div>\n\t\t\t\t\t<div class=\"elementor-container elementor-column-gap-default\">\n\t\t\t\t\t<div class=\"elementor-column elementor-col-100 elementor-top-column elementor-element elementor-element-7e901aeb\" data-id=\"7e901aeb\" data-element_type=\"column\" data-e-type=\"column\">\n\t\t\t<div class=\"elementor-widget-wrap elementor-element-populated\">\n\t\t\t\t\t\t\t<\/div>\n\t\t<\/div>\n\t\t\t\t\t<\/div>\n\t\t<\/section>\n\t\t\t\t<section class=\"elementor-section elementor-top-section elementor-element elementor-element-20e874c3 elementor-section-content-middle elementor-section-stretched elementor-section-boxed elementor-section-height-default elementor-section-height-default\" data-id=\"20e874c3\" data-element_type=\"section\" data-e-type=\"section\" data-settings=\"{&quot;stretch_section&quot;:&quot;section-stretched&quot;}\">\n\t\t\t\t\t\t<div class=\"elementor-container elementor-column-gap-default\">\n\t\t\t\t\t<div class=\"elementor-column elementor-col-100 elementor-top-column elementor-element elementor-element-438671e4\" data-id=\"438671e4\" data-element_type=\"column\" data-e-type=\"column\">\n\t\t\t<div class=\"elementor-widget-wrap elementor-element-populated\">\n\t\t\t\t\t\t<div class=\"elementor-element elementor-element-7af93205 elementor-invisible elementor-widget elementor-widget-heading\" data-id=\"7af93205\" data-element_type=\"widget\" data-e-type=\"widget\" data-settings=\"{&quot;_animation&quot;:&quot;fadeInDown&quot;}\" data-widget_type=\"heading.default\">\n\t\t\t\t<div class=\"elementor-widget-container\">\n\t\t\t\t\t<h1 class=\"elementor-heading-title elementor-size-default\">Conseils et actualit\u00e9s en naturopathie \u2013 Aur\u00e9lien Calonne<\/h1>\t\t\t\t<\/div>\n\t\t\t\t<\/div>\n\t\t\t\t<div class=\"elementor-element elementor-element-57b5dc7 elementor-posts--align-center elementor-grid-3 elementor-grid-tablet-2 elementor-grid-mobile-1 elementor-posts--thumbnail-top elementor-widget elementor-widget-posts\" data-id=\"57b5dc7\" data-element_type=\"widget\" data-e-type=\"widget\" data-settings=\"{&quot;classic_columns&quot;:&quot;3&quot;,&quot;classic_columns_tablet&quot;:&quot;2&quot;,&quot;classic_columns_mobile&quot;:&quot;1&quot;,&quot;classic_row_gap&quot;:{&quot;unit&quot;:&quot;px&quot;,&quot;size&quot;:35,&quot;sizes&quot;:[]},&quot;classic_row_gap_tablet&quot;:{&quot;unit&quot;:&quot;px&quot;,&quot;size&quot;:&quot;&quot;,&quot;sizes&quot;:[]},&quot;classic_row_gap_mobile&quot;:{&quot;unit&quot;:&quot;px&quot;,&quot;size&quot;:&quot;&quot;,&quot;sizes&quot;:[]}}\" data-widget_type=\"posts.classic\">\n\t\t\t\t<div class=\"elementor-widget-container\">\n\t\t\t\t\t\t\t<div class=\"elementor-posts-container elementor-posts elementor-posts--skin-classic elementor-grid\">\n\t\t\t\t<article class=\"elementor-post elementor-grid-item post-2371 post type-post status-publish format-standard has-post-thumbnail hentry category-par-defaut\">\n\t\t\t\t<a class=\"elementor-post__thumbnail__link\" href=\"https:\/\/aurelien-calonne.fr\/2025\/11\/17\/conference-le-pouvoir-des-vegetaux-dans-lassiette-des-sportifs\/\" tabindex=\"-1\" >\n\t\t\t<div class=\"elementor-post__thumbnail\"><img fetchpriority=\"high\" decoding=\"async\" width=\"750\" height=\"1061\" src=\"https:\/\/aurelien-calonne.fr\/wp-content\/uploads\/2025\/11\/affiche-conf-768x1086.jpg\" class=\"attachment-medium_large size-medium_large wp-image-2372\" alt=\"\" srcset=\"https:\/\/aurelien-calonne.fr\/wp-content\/uploads\/2025\/11\/affiche-conf-768x1086.jpg 768w, https:\/\/aurelien-calonne.fr\/wp-content\/uploads\/2025\/11\/affiche-conf-212x300.jpg 212w, https:\/\/aurelien-calonne.fr\/wp-content\/uploads\/2025\/11\/affiche-conf-724x1024.jpg 724w, https:\/\/aurelien-calonne.fr\/wp-content\/uploads\/2025\/11\/affiche-conf-1086x1536.jpg 1086w, https:\/\/aurelien-calonne.fr\/wp-content\/uploads\/2025\/11\/affiche-conf.jpg 1170w\" sizes=\"(max-width: 750px) 100vw, 750px\" \/><\/div>\n\t\t<\/a>\n\t\t\t\t<div class=\"elementor-post__text\">\n\t\t\t\t<span class=\"elementor-post__title\">\n\t\t\t<a href=\"https:\/\/aurelien-calonne.fr\/2025\/11\/17\/conference-le-pouvoir-des-vegetaux-dans-lassiette-des-sportifs\/\" >\n\t\t\t\tConf\u00e9rence \u00ab Le pouvoir des v\u00e9g\u00e9taux dans l\u2019assiette des sportifs \u00bb\t\t\t<\/a>\n\t\t<\/span>\n\t\t\t\t<div class=\"elementor-post__excerpt\">\n\t\t\t<p>\ud83c\udfa4 Soir\u00e9e conf\u00e9rence \u00ab Le pouvoir des v\u00e9g\u00e9taux dans l\u2019assiette des sportifs \u00bb Rejoignez-nous pour une soir\u00e9e inspirante avec Aur\u00e9lien Calonne, sportif, naturopathe et coach en respiration. Il animera une conf\u00e9rence captivante sur le th\u00e8me \u00ab Le pouvoir des v\u00e9g\u00e9taux dans l\u2019assiette des sportifs \u00bb. Au programme : D\u00e9mystification des<\/p>\n\t\t<\/div>\n\t\t\n\t\t<a class=\"elementor-post__read-more\" href=\"https:\/\/aurelien-calonne.fr\/2025\/11\/17\/conference-le-pouvoir-des-vegetaux-dans-lassiette-des-sportifs\/\" aria-label=\"En savoir plus sur Conf\u00e9rence \u00ab Le pouvoir des v\u00e9g\u00e9taux dans l\u2019assiette des sportifs \u00bb\" tabindex=\"-1\" >\n\t\t\tLire la suite \u00bb\t\t<\/a>\n\n\t\t\t\t<\/div>\n\t\t\t\t<\/article>\n\t\t\t\t<article class=\"elementor-post elementor-grid-item post-2349 post type-post status-publish format-standard has-post-thumbnail hentry category-par-defaut\">\n\t\t\t\t<a class=\"elementor-post__thumbnail__link\" href=\"https:\/\/aurelien-calonne.fr\/2025\/05\/09\/atelier-huiles-essentielles-beaute-emotions-bien-etre-a-illies\/\" tabindex=\"-1\" >\n\t\t\t<div class=\"elementor-post__thumbnail\"><img decoding=\"async\" width=\"563\" height=\"782\" src=\"https:\/\/aurelien-calonne.fr\/wp-content\/uploads\/2025\/05\/blondie1.jpg\" class=\"attachment-medium_large size-medium_large wp-image-2351\" alt=\"\" srcset=\"https:\/\/aurelien-calonne.fr\/wp-content\/uploads\/2025\/05\/blondie1.jpg 563w, https:\/\/aurelien-calonne.fr\/wp-content\/uploads\/2025\/05\/blondie1-216x300.jpg 216w\" sizes=\"(max-width: 563px) 100vw, 563px\" \/><\/div>\n\t\t<\/a>\n\t\t\t\t<div class=\"elementor-post__text\">\n\t\t\t\t<span class=\"elementor-post__title\">\n\t\t\t<a href=\"https:\/\/aurelien-calonne.fr\/2025\/05\/09\/atelier-huiles-essentielles-beaute-emotions-bien-etre-a-illies\/\" >\n\t\t\t\tAtelier \u00ab\u00a0Huiles essentielles : beaut\u00e9, \u00e9motions &#038; bien-\u00eatre\u00a0\u00bb \u00e0 Illies\t\t\t<\/a>\n\t\t<\/span>\n\t\t\t\t<div class=\"elementor-post__excerpt\">\n\t\t\t<p>Dans le cadre de la journ\u00e9e bien-\u00eatre organis\u00e9e pour BlondiFood le 17 mai prochain. J&rsquo;animerai un atelier sur les huiles essentielles. Le but :\u00a0D\u00e9couvrir les huiles essentielles dans toutes leurs dimensions : de la peau \u00e0 l\u2019\u00e9quilibre \u00e9motionnel et hormonal. Repartez avec des cl\u00e9s d\u2019utilisation simples pour le quotidien, et<\/p>\n\t\t<\/div>\n\t\t\n\t\t<a class=\"elementor-post__read-more\" href=\"https:\/\/aurelien-calonne.fr\/2025\/05\/09\/atelier-huiles-essentielles-beaute-emotions-bien-etre-a-illies\/\" aria-label=\"En savoir plus sur Atelier \u00ab\u00a0Huiles essentielles : beaut\u00e9, \u00e9motions &#038; bien-\u00eatre\u00a0\u00bb \u00e0 Illies\" tabindex=\"-1\" >\n\t\t\tLire la suite \u00bb\t\t<\/a>\n\n\t\t\t\t<\/div>\n\t\t\t\t<\/article>\n\t\t\t\t<article class=\"elementor-post elementor-grid-item post-2320 post type-post status-publish format-standard has-post-thumbnail hentry category-par-defaut\">\n\t\t\t\t<a class=\"elementor-post__thumbnail__link\" href=\"https:\/\/aurelien-calonne.fr\/2025\/04\/07\/gemmotherapie-allergies-quels-bourgeons-utiliser-contre-les-allergies-saisonnieres\/\" tabindex=\"-1\" >\n\t\t\t<div class=\"elementor-post__thumbnail\"><img decoding=\"async\" width=\"750\" height=\"422\" src=\"https:\/\/aurelien-calonne.fr\/wp-content\/uploads\/2025\/04\/gemmotherapie-allergies-768x432.png\" class=\"attachment-medium_large size-medium_large wp-image-2322\" alt=\"photo de mac\u00e9rat de bourgeons pour illustrer l&#039;article sur la gemmotherapie allergies\" srcset=\"https:\/\/aurelien-calonne.fr\/wp-content\/uploads\/2025\/04\/gemmotherapie-allergies-768x432.png 768w, https:\/\/aurelien-calonne.fr\/wp-content\/uploads\/2025\/04\/gemmotherapie-allergies-300x169.png 300w, https:\/\/aurelien-calonne.fr\/wp-content\/uploads\/2025\/04\/gemmotherapie-allergies-1024x576.png 1024w, https:\/\/aurelien-calonne.fr\/wp-content\/uploads\/2025\/04\/gemmotherapie-allergies.png 1120w\" sizes=\"(max-width: 750px) 100vw, 750px\" \/><\/div>\n\t\t<\/a>\n\t\t\t\t<div class=\"elementor-post__text\">\n\t\t\t\t<span class=\"elementor-post__title\">\n\t\t\t<a href=\"https:\/\/aurelien-calonne.fr\/2025\/04\/07\/gemmotherapie-allergies-quels-bourgeons-utiliser-contre-les-allergies-saisonnieres\/\" >\n\t\t\t\tGemmotherapie allergies : quels bourgeons utiliser contre les allergies saisonni\u00e8res ?\t\t\t<\/a>\n\t\t<\/span>\n\t\t\t\t<div class=\"elementor-post__excerpt\">\n\t\t\t<p>Chaque ann\u00e9e, avec le retour du printemps, beaucoup d\u2019entre nous redoutent les allergies saisonni\u00e8res. Yeux qui piquent, nez qui coule, gorge qui gratte\u2026 Le fameux rhume des foins s\u2019installe et peut vite g\u00e2cher notre quotidien. Heureusement, la gemmoth\u00e9rapie offre des solutions naturelles, efficaces et bien tol\u00e9r\u00e9es. Voyons ensemble comment les<\/p>\n\t\t<\/div>\n\t\t\n\t\t<a class=\"elementor-post__read-more\" href=\"https:\/\/aurelien-calonne.fr\/2025\/04\/07\/gemmotherapie-allergies-quels-bourgeons-utiliser-contre-les-allergies-saisonnieres\/\" aria-label=\"En savoir plus sur Gemmotherapie allergies : quels bourgeons utiliser contre les allergies saisonni\u00e8res ?\" tabindex=\"-1\" >\n\t\t\tLire la suite \u00bb\t\t<\/a>\n\n\t\t\t\t<\/div>\n\t\t\t\t<\/article>\n\t\t\t\t<article class=\"elementor-post elementor-grid-item post-2315 post type-post status-publish format-standard has-post-thumbnail hentry category-par-defaut\">\n\t\t\t\t<a class=\"elementor-post__thumbnail__link\" href=\"https:\/\/aurelien-calonne.fr\/2025\/04\/01\/retrouvez-moi-a-fete-en-weppes-ce-samedi-5-avril\/\" tabindex=\"-1\" >\n\t\t\t<div class=\"elementor-post__thumbnail\"><img loading=\"lazy\" decoding=\"async\" width=\"750\" height=\"422\" src=\"https:\/\/aurelien-calonne.fr\/wp-content\/uploads\/2025\/04\/fete-en-weppes-768x432.jpg\" class=\"attachment-medium_large size-medium_large wp-image-2316\" alt=\"\" srcset=\"https:\/\/aurelien-calonne.fr\/wp-content\/uploads\/2025\/04\/fete-en-weppes-768x432.jpg 768w, https:\/\/aurelien-calonne.fr\/wp-content\/uploads\/2025\/04\/fete-en-weppes-300x169.jpg 300w, https:\/\/aurelien-calonne.fr\/wp-content\/uploads\/2025\/04\/fete-en-weppes-1024x576.jpg 1024w, https:\/\/aurelien-calonne.fr\/wp-content\/uploads\/2025\/04\/fete-en-weppes-1536x864.jpg 1536w, https:\/\/aurelien-calonne.fr\/wp-content\/uploads\/2025\/04\/fete-en-weppes-1320x743.jpg 1320w, https:\/\/aurelien-calonne.fr\/wp-content\/uploads\/2025\/04\/fete-en-weppes.jpg 1920w\" sizes=\"(max-width: 750px) 100vw, 750px\" \/><\/div>\n\t\t<\/a>\n\t\t\t\t<div class=\"elementor-post__text\">\n\t\t\t\t<span class=\"elementor-post__title\">\n\t\t\t<a href=\"https:\/\/aurelien-calonne.fr\/2025\/04\/01\/retrouvez-moi-a-fete-en-weppes-ce-samedi-5-avril\/\" >\n\t\t\t\tRetrouvez-moi \u00e0 F\u00eate en Weppes ce samedi 5 avril !\t\t\t<\/a>\n\t\t<\/span>\n\t\t\t\t<div class=\"elementor-post__excerpt\">\n\t\t\t<p>Je serai pr\u00e9sent pour la seconde ann\u00e9e \u00e0 F\u00eate en Weppes, qui se tiendra ce samedi 5 avril \u00e0 Sainghin-en-Weppes. L&rsquo;occasion parfaite pour venir \u00e9changer autour du bien-\u00eatre et d\u00e9couvrir la naturopathie sous un angle concret et accessible. Tout au long de la journ\u00e9e, je proposerai des s\u00e9ances d\u00e9couvertes de<\/p>\n\t\t<\/div>\n\t\t\n\t\t<a class=\"elementor-post__read-more\" href=\"https:\/\/aurelien-calonne.fr\/2025\/04\/01\/retrouvez-moi-a-fete-en-weppes-ce-samedi-5-avril\/\" aria-label=\"En savoir plus sur Retrouvez-moi \u00e0 F\u00eate en Weppes ce samedi 5 avril !\" tabindex=\"-1\" >\n\t\t\tLire la suite \u00bb\t\t<\/a>\n\n\t\t\t\t<\/div>\n\t\t\t\t<\/article>\n\t\t\t\t<article class=\"elementor-post elementor-grid-item post-2280 post type-post status-publish format-standard has-post-thumbnail hentry category-par-defaut\">\n\t\t\t\t<a class=\"elementor-post__thumbnail__link\" href=\"https:\/\/aurelien-calonne.fr\/2025\/03\/27\/actualites-3\/\" tabindex=\"-1\" >\n\t\t\t<div class=\"elementor-post__thumbnail\"><img loading=\"lazy\" decoding=\"async\" width=\"700\" height=\"500\" src=\"https:\/\/aurelien-calonne.fr\/wp-content\/uploads\/2025\/03\/image15.jpg\" class=\"attachment-medium_large size-medium_large wp-image-2257\" alt=\"\" srcset=\"https:\/\/aurelien-calonne.fr\/wp-content\/uploads\/2025\/03\/image15.jpg 700w, https:\/\/aurelien-calonne.fr\/wp-content\/uploads\/2025\/03\/image15-300x214.jpg 300w\" sizes=\"(max-width: 700px) 100vw, 700px\" \/><\/div>\n\t\t<\/a>\n\t\t\t\t<div class=\"elementor-post__text\">\n\t\t\t\t<span class=\"elementor-post__title\">\n\t\t\t<a href=\"https:\/\/aurelien-calonne.fr\/2025\/03\/27\/actualites-3\/\" >\n\t\t\t\tActualit\u00e9s\t\t\t<\/a>\n\t\t<\/span>\n\t\t\t\t<div class=\"elementor-post__excerpt\">\n\t\t\t<p>Retour Actualit\u00e9s Aur\u00e9lien Calonne<\/p>\n\t\t<\/div>\n\t\t\n\t\t<a class=\"elementor-post__read-more\" href=\"https:\/\/aurelien-calonne.fr\/2025\/03\/27\/actualites-3\/\" aria-label=\"En savoir plus sur Actualit\u00e9s\" tabindex=\"-1\" >\n\t\t\tLire la suite \u00bb\t\t<\/a>\n\n\t\t\t\t<\/div>\n\t\t\t\t<\/article>\n\t\t\t\t<article class=\"elementor-post elementor-grid-item post-2274 post type-post status-publish format-standard has-post-thumbnail hentry category-par-defaut\">\n\t\t\t\t<a class=\"elementor-post__thumbnail__link\" href=\"https:\/\/aurelien-calonne.fr\/2025\/03\/27\/actualites-2\/\" tabindex=\"-1\" >\n\t\t\t<div class=\"elementor-post__thumbnail\"><img loading=\"lazy\" decoding=\"async\" width=\"700\" height=\"500\" src=\"https:\/\/aurelien-calonne.fr\/wp-content\/uploads\/2025\/03\/image9.jpg\" class=\"attachment-medium_large size-medium_large wp-image-2229\" alt=\"\" srcset=\"https:\/\/aurelien-calonne.fr\/wp-content\/uploads\/2025\/03\/image9.jpg 700w, https:\/\/aurelien-calonne.fr\/wp-content\/uploads\/2025\/03\/image9-300x214.jpg 300w\" sizes=\"(max-width: 700px) 100vw, 700px\" \/><\/div>\n\t\t<\/a>\n\t\t\t\t<div class=\"elementor-post__text\">\n\t\t\t\t<span class=\"elementor-post__title\">\n\t\t\t<a href=\"https:\/\/aurelien-calonne.fr\/2025\/03\/27\/actualites-2\/\" >\n\t\t\t\tActualit\u00e9s\t\t\t<\/a>\n\t\t<\/span>\n\t\t\t\t<div class=\"elementor-post__excerpt\">\n\t\t\t<p>Retour Actualit\u00e9s Aur\u00e9lien Calonne<\/p>\n\t\t<\/div>\n\t\t\n\t\t<a class=\"elementor-post__read-more\" href=\"https:\/\/aurelien-calonne.fr\/2025\/03\/27\/actualites-2\/\" aria-label=\"En savoir plus sur Actualit\u00e9s\" tabindex=\"-1\" >\n\t\t\tLire la suite \u00bb\t\t<\/a>\n\n\t\t\t\t<\/div>\n\t\t\t\t<\/article>\n\t\t\t\t<\/div>\n\t\t\n\t\t\t\t\t\t<\/div>\n\t\t\t\t<\/div>\n\t\t\t\t\t<\/div>\n\t\t<\/div>\n\t\t\t\t\t<\/div>\n\t\t<\/section>\n\t\t\t\t<\/div>\n\t\t","protected":false},"excerpt":{"rendered":"<p>Conseils et actualit\u00e9s en naturopathie \u2013 Aur\u00e9lien Calonne<\/p>\n","protected":false},"author":38,"featured_media":0,"parent":0,"menu_order":0,"comment_status":"closed","ping_status":"closed","template":"","meta":{"footnotes":""},"class_list":["post-1964","page","type-page","status-publish","hentry"],"aioseo_notices":[],"_links":{"self":[{"href":"https:\/\/aurelien-calonne.fr\/nov-apijson\/wp\/v2\/pages\/1964","targetHints":{"allow":["GET"]}}],"collection":[{"href":"https:\/\/aurelien-calonne.fr\/nov-apijson\/wp\/v2\/pages"}],"about":[{"href":"https:\/\/aurelien-calonne.fr\/nov-apijson\/wp\/v2\/types\/page"}],"author":[{"embeddable":true,"href":"https:\/\/aurelien-calonne.fr\/nov-apijson\/wp\/v2\/users\/38"}],"replies":[{"embeddable":true,"href":"https:\/\/aurelien-calonne.fr\/nov-apijson\/wp\/v2\/comments?post=1964"}],"version-history":[{"count":7,"href":"https:\/\/aurelien-calonne.fr\/nov-apijson\/wp\/v2\/pages\/1964\/revisions"}],"predecessor-version":[{"id":2292,"href":"https:\/\/aurelien-calonne.fr\/nov-apijson\/wp\/v2\/pages\/1964\/revisions\/2292"}],"wp:attachment":[{"href":"https:\/\/aurelien-calonne.fr\/nov-apijson\/wp\/v2\/media?parent=1964"}],"curies":[{"name":"wp","href":"https:\/\/api.w.org\/{rel}","templated":true}]}}